{"id":58,"date":"2026-01-26T17:01:29","date_gmt":"2026-01-26T20:01:29","guid":{"rendered":"https:\/\/sobedrj.com.br\/congresso\/?page_id=58"},"modified":"2026-04-30T08:16:39","modified_gmt":"2026-04-30T11:16:39","slug":"programacao","status":"publish","type":"page","link":"https:\/\/sobedrj.com.br\/congresso\/programacao\/","title":{"rendered":"Programa\u00e7\u00e3o"},"content":{"rendered":"<h2 style=\"text-align: center;\"><span style=\"color: #000080;\">PROGRAMA\u00c7\u00c3O<\/span><\/h2>\n<h3><span style=\"color: #0000ff;\">22 de maio de 2026<\/span><\/h3>\n<h4>TERAP\u00caUTICA, DECIS\u00c3O E CONTROV\u00c9RSIA<\/h4>\n<p><strong>7h30 <\/strong>Credenciamento<\/p>\n<p><strong>8h<\/strong> Abertura Oficial<br \/>\n<strong><span style=\"color: #ff6600;\">Mariceli Costa (RJ)<\/span><\/strong> presidente da SOBED-RJ<\/p>\n<p><strong>8h20<\/strong> Atualiza\u00e7\u00e3o: <strong><span style=\"color: #000080;\">Forma\u00e7\u00e3o do endoscopista: caminhos, t\u00edtulos e responsabilidades<\/span><\/strong><br \/>\nModeradora: <strong><span style=\"color: #ff6600;\">Mariceli Costa (RJ)<\/span><\/strong><br \/>\nDebatedor: <strong><span style=\"color: #ff6600;\">Djalma Ernesto Coelho Neto (RJ)<\/span><\/strong><\/p>\n<ul>\n<li><strong><span style=\"color: #000080;\">Resid\u00eancia em Endoscopia e CET SOBED<\/span><\/strong><br \/>\n<strong><span style=\"color: #ff6600;\">Alexandre Saraiva Iachan (RJ)<\/span><\/strong><\/li>\n<li><span style=\"color: #000080;\"><strong>T\u00edtulo de especialista e titularidade da SOBED<\/strong><\/span><br \/>\n<strong><span style=\"color: #ff6600;\">Miguel Koury Filho (Petr\u00f3polis, RJ)<\/span><\/strong><\/li>\n<\/ul>\n<p><strong>9h <\/strong>Masterclass: <span style=\"color: #000080;\"><strong>Acalasia e POEM<\/strong><\/span><br \/>\n<strong><span style=\"color: #ff6600;\">Eduardo Guimar\u00e3es Hourneaux de Moura (SP)<\/span><\/strong><br \/>\nPresidente: <strong><span style=\"color: #ff6600;\">Eduardo Rachman Viegas (RJ)<\/span><\/strong><br \/>\nDebatedor: <strong><span style=\"color: #ff6600;\">Felipe Alves Mota Rebello de Mendon\u00e7a (RJ)<\/span><\/strong><\/p>\n<p><strong>9h45<\/strong> <span style=\"color: #000080;\"><strong>Mesa-redonda: Hemorragia digestiva<\/strong><\/span><br \/>\nModeradora: <strong><span style=\"color: #ff6600;\">Maria Elizabeth Cardoso de Castro (RJ)<\/span><br \/>\n<\/strong>Debatedor:<strong><span style=\"color: #ff6600;\"> Paulo Roberto Alves de Pinho (RJ)<\/span><\/strong><\/p>\n<ul>\n<li><strong><span style=\"color: #000080;\">HDA no sobreaviso: e agora? HDA n\u00e3o varicosa<\/span><\/strong><br \/>\n<strong><span style=\"color: #ff6600;\">Glaucia Maria Rocha de Freitas (RJ)<\/span><\/strong><\/li>\n<li><span style=\"color: #000080;\"><strong>Hipertens\u00e3o portal<\/strong><\/span><br \/>\n<strong><span style=\"color: #ff6600;\">Ricardo Cerqueira Alvariz (RJ)<\/span><\/strong><\/li>\n<li><span style=\"color: #000080;\"><strong>Radiointerven\u00e7\u00e3o: quando acionar?<\/strong><\/span><br \/>\n<strong><span style=\"color: #ff6600;\">Hugo Rodrigues Gouveia<\/span> <span style=\"color: #ff6600;\">(RJ)<\/span><\/strong><\/li>\n<li>Debate<\/li>\n<\/ul>\n<p><span style=\"color: #008000;\"><strong>10h45<\/strong> Coffee break<\/span><\/p>\n<p><strong>11h05<\/strong>\u00a0Mesa-redonda: <strong><span style=\"color: #000080;\">Intestino Delgado<\/span><\/strong><br \/>\nModeradora: <strong><span style=\"color: #ff6600;\">Mariceli Costa (RJ)<\/span><\/strong><br \/>\nDebatedor: <strong><span style=\"color: #ff6600;\">Felipe Alves Mota Rebello de Mendon\u00e7a (RJ)<\/span><\/strong><\/p>\n<ul>\n<li><strong><span style=\"color: #000080;\">Hemorragia do intestino m\u00e9dio: diagn\u00f3stico<\/span><\/strong><br \/>\n<span style=\"color: #ff6600;\"><strong>Ana Maria Zuccaro (RJ)<\/strong><\/span><\/li>\n<li><span style=\"color: #000080;\"><strong>M\u00e9todos endosc\u00f3picos e c\u00e1psula<\/strong><\/span><br \/>\n<span style=\"color: #ff6600;\"><strong>Cesar Augusto da Fonseca Lima Amorim (RJ)<\/strong><\/span><\/li>\n<li><strong><span style=\"color: #000080;\">Tratamento endosc\u00f3pico das les\u00f5es do intestino delgado<\/span><\/strong><br \/>\n<span style=\"color: #ff6600;\"><strong>Afonso Celso da Silva Paredes (RJ)<\/strong><\/span><\/li>\n<li>Debate<\/li>\n<\/ul>\n<p><span style=\"color: #008000;\"><strong>12h<\/strong> Almo\u00e7o<\/span><\/p>\n<p><strong>13h<\/strong>\u00a0Mesa-redonda: <span style=\"color: #000080;\"><strong>Ecoendoscopia Cl\u00ednica<\/strong><\/span><br \/>\nModerador: <strong><span style=\"color: #ff6600;\">Felipe Alves Mota Rebello de Mendon\u00e7a (RJ)<\/span><\/strong><br \/>\nDebatedoras: <strong><span style=\"color: #ff6600;\">M\u00f4nica Soldan (RJ) <\/span><\/strong><span style=\"color: #808080;\">e<\/span><strong><span style=\"color: #ff6600;\"> Isabella Miranda (RJ)<\/span><\/strong><\/p>\n<ul>\n<li><span style=\"color: #000080;\"><strong>Les\u00f5es subepiteliais<\/strong><\/span><br \/>\n<strong><span style=\"color: #ff6600;\">Yolanda Faia Manh\u00e3es Tolentino (RJ)<\/span><\/strong><\/li>\n<li><span style=\"color: #000080;\"><strong>Les\u00f5es c\u00edsticas do p\u00e2ncreas<\/strong><\/span><br \/>\n<strong><span style=\"color: #ff6600;\">Jo\u00e3o Autran Nebel (RJ)<\/span><\/strong><\/li>\n<li>Debate<\/li>\n<\/ul>\n<p><strong>13h50<\/strong> Mesa-redonda: <span style=\"color: #000080;\"><strong>Duelos de conduta<\/strong><\/span><br \/>\nModerador: <strong><span style=\"color: #ff6600;\">Alexandre Dias Pelosi (RJ)<\/span><\/strong><\/p>\n<ul>\n<li><span style=\"color: #000080;\"><strong>LST colorretal: mucosectomia x ESD<\/strong><\/span><br \/>\n<span style=\"color: #ff6600;\"><strong>Lix Alfredo Reis de Oliveira<\/strong> <strong>(SP)<\/strong><\/span> x <strong><span style=\"color: #ff6600;\">Renata Fernandes de Amorim (RJ)<\/span><\/strong><\/li>\n<li><span style=\"color: #000080;\"><strong>F\u00edstulas e deisc\u00eancias: v\u00e1cuo x pr\u00f3teses<\/strong><\/span><br \/>\n<strong><span style=\"color: #ff6600;\">Eduardo Madeira (RJ) x Jo\u00e3o Alberto Assed Estefan Nametala (RJ)<\/span><\/strong><\/li>\n<li><span style=\"color: #000080;\"><strong>Gastroparesia refrat\u00e1ria: endoscopia x cirurgia<\/strong><\/span><br \/>\n<strong><span style=\"color: #ff6600;\">Eduardo Rachman Viegas (RJ) x Daniel Flores (RJ)<\/span><\/strong><\/li>\n<\/ul>\n<p><span style=\"color: #008000;\"><strong>15h20<\/strong> Coffee break<\/span><\/p>\n<p><strong>15h40 <\/strong>Confer\u00eancia: <strong><span style=\"color: #000080;\">Colangioscopia<\/span><br \/>\n<span style=\"color: #ff6600;\">Eduardo Guimar\u00e3es Hourneaux de Moura (SP)<\/span><br \/>\n<\/strong>Presidente: <span style=\"color: #ff6600;\"><strong>Huang Ling Fang (RJ)<\/strong><\/span><\/p>\n<p><strong>16h25<\/strong> Mesa-redonda: <span style=\"color: #000080;\"><strong>Obesidade<\/strong><\/span><br \/>\nModerador: <strong><span style=\"color: #ff6600;\">Newton Teixeira dos Santos (RJ)<\/span><\/strong><br \/>\nDebatedor: <strong><span style=\"color: #ff6600;\">Eduardo Madeira (RJ)<\/span><\/strong><\/p>\n<ul>\n<li><strong><span style=\"color: #000080;\">Papel do endoscopista<\/span><\/strong><br \/>\n<strong><span style=\"color: #ff6600;\">Vilson de Lemos Jr. (RJ)<\/span><\/strong><\/li>\n<li><span style=\"color: #000080;\"><strong>Papel do endocrinologista<\/strong><\/span><br \/>\n<span style=\"color: #ff6600;\"><strong>Ana Carolina Nader (RJ)<\/strong><\/span><\/li>\n<li><span style=\"color: #000080;\"><strong>Papel do cirurgi\u00e3o<\/strong><\/span><br \/>\n<strong><span style=\"color: #ff6600;\">Renato Luna (RJ)<\/span><\/strong><\/li>\n<li>Debate<\/li>\n<\/ul>\n<p><strong>17h30<\/strong> Encerramento<\/p>\n<h3><span style=\"color: #0000ff;\">23 de maio de 2026<\/span><\/h3>\n<h4>QUALIDADE, ONCOLOGIA E VIDA REAL<\/h4>\n<p><strong>8h<\/strong> Mesa-redonda: <strong><span style=\"color: #000080;\">Ecoendoscopia Terap\u00eautica<\/span><\/strong><br \/>\nModerador: <strong><span style=\"color: #ff6600;\">Guilherme Falc\u00e3o Ribeiro Ferreira (Campos, RJ)<\/span><\/strong><br \/>\nDebatedores: <span style=\"color: #ff6600;\"><strong>Humberto Henriques Schwartz Jr. (Maca\u00e9, RJ)<\/strong><\/span> e <strong><span style=\"color: #ff6600;\">Alexandre Dias Pelosi (RJ)<\/span><\/strong><\/p>\n<ul>\n<li><strong><span style=\"color: #000080;\">Gastrojejunoanastomose<\/span><\/strong><br \/>\n<strong><span style=\"color: #ff6600;\">Olivia Barbieri Luna (RJ)<\/span><\/strong><\/li>\n<li><strong><span style=\"color: #000080;\">Terap\u00eautica nos tumores pancre\u00e1ticos<\/span><\/strong><br \/>\n<strong><span style=\"color: #ff6600;\">Djalma Ernesto Coelho Neto (RJ)<\/span><\/strong><\/li>\n<li>Debate<\/li>\n<\/ul>\n<p><strong>8h50<\/strong> Mesa-redonda: <span style=\"color: #000080;\"><strong>Es\u00f4fago<\/strong><\/span><br \/>\nModeradora: <strong><span style=\"color: #ff6600;\">Dialina da Concei\u00e7\u00e3o Martins Machado (RJ)<\/span><\/strong><br \/>\nDebatedor: <strong><span style=\"color: #ff6600;\">Marcio de Carvalho Costa (RJ)<\/span><\/strong><\/p>\n<ul>\n<li><span style=\"color: #000080;\"><strong>Esofagite eosinof\u00edlica: diagn\u00f3stico<\/strong><\/span><br \/>\n<strong><span style=\"color: #ff6600;\">Paula Peruzzi Elia (RJ)<\/span><\/strong><\/li>\n<li><span style=\"color: #000080;\"><strong>Esofagite eosinof\u00edlica: tratamento<\/strong><\/span><br \/>\n<strong><span style=\"color: #ff6600;\">\u00c9lio Cunha Castro Filho (RJ)<\/span><\/strong><\/li>\n<li>Debate<\/li>\n<\/ul>\n<p><strong>9h40 <span style=\"color: #000080;\">Oficina de acessos enterais<\/span><\/strong><br \/>\nModerador: <span style=\"color: #ff6600;\"><strong>Gilberto Reynaldo Mansur (RJ)<\/strong><\/span><br \/>\nDebatedor: <strong><span style=\"color: #ff6600;\">Gustavo Francisco de Souza e Mello (RJ)<\/span><\/strong><\/p>\n<ul>\n<li><span style=\"color: #000080;\"><strong>Gastrostomia<\/strong><\/span><br \/>\n<strong><span style=\"color: #ff6600;\">Marina Dodsworth de Barros Fazuoli (RJ)<\/span><\/strong><\/li>\n<li><span style=\"color: #000080;\"><strong>Sondas enterais em pediatria<\/strong><\/span><br \/>\n<strong><span style=\"color: #ff6600;\">Paula Peruzzi Elia (RJ)<\/span><\/strong><\/li>\n<li>Debate<\/li>\n<\/ul>\n<p><span style=\"color: #008000;\"><strong>10h20<\/strong> Coffee break<\/span><\/p>\n<p><strong>10h40<\/strong> Mesa-redonda: <span style=\"color: #000080;\"><strong>C\u00f3lon: t\u00e9cnica e qualidade<\/strong><\/span><br \/>\nModerador: <strong><span style=\"color: #ff6600;\">Renata de S\u00e1 Brito Froes (RJ)<\/span><\/strong><br \/>\nDebatedor: <span style=\"color: #ff6600;\"><strong>Gilberto Reynaldo Mansur (RJ)<\/strong><\/span><\/p>\n<ul>\n<li><span style=\"color: #000080;\"><strong>Unidade eletrocir\u00fargica<\/strong><\/span><br \/>\n<strong><span style=\"color: #ff6600;\">Viviane Fittipaldi (RJ)<\/span><\/strong><\/li>\n<li><strong><span style=\"color: #000080;\">Crit\u00e9rios de qualidade em colonoscopia<\/span><\/strong><br \/>\n<span style=\"color: #ff6600;\"><strong>Lix Alfredo Reis de Oliveira<\/strong> <strong>(SP)<\/strong><\/span><\/li>\n<li><strong><span style=\"color: #000080;\">Proped\u00eautica dos p\u00f3lipos e polipectomias<\/span><\/strong><br \/>\n<span style=\"color: #ff6600;\"><strong>Evelyn<\/strong> <strong>Sayuri Simabuguro Chinem (RJ)<\/strong><\/span><\/li>\n<li>Debate<\/li>\n<\/ul>\n<p><strong>11h50<\/strong> Mesa-redonda:<strong><span style=\"color: #000080;\"> Inova\u00e7\u00e3o e Sistematiza\u00e7\u00e3o<\/span><\/strong><br \/>\nModerador: <span style=\"color: #ff6600;\"><strong>Paulo Roberto Alves de Pinho (RJ)<\/strong><\/span><br \/>\nDebatedora: <strong><span style=\"color: #ff6600;\">Alline Pimenta (RJ)<\/span><\/strong><\/p>\n<ul>\n<li><span style=\"color: #000080;\"><strong>Intelig\u00eancia artificial na endoscopia de efici\u00eancia<\/strong><\/span><br \/>\n<span style=\"color: #ff6600;\"><strong>Fernando Marques Moreira de Castro (RJ)<\/strong><\/span><\/li>\n<li><strong><span style=\"color: #000080;\">Sistematiza\u00e7\u00e3o do exame endosc\u00f3pico alto<\/span><\/strong><br \/>\n<span style=\"color: #ff6600;\"><strong>Lix Alfredo Reis de Oliveira<\/strong> <strong>(SP)<\/strong><\/span><\/li>\n<li>Debate<\/li>\n<\/ul>\n<p><span style=\"color: #008000;\"><strong>12h35<\/strong> Simp\u00f3sio sat\u00e9lite<\/span><\/p>\n<p><strong>13h30<\/strong> Mesa-redonda: <strong><span style=\"color: #000080;\">Deu ruim: o que eu fa\u00e7o?<\/span><\/strong><br \/>\nModerador: <strong><span style=\"color: #ff6600;\">Filipe Galv\u00e3o (RJ)<\/span><\/strong><br \/>\nDebatedor: <strong><span style=\"color: #ff6600;\">Alexandre Dias Pelosi (RJ)<\/span><\/strong><\/p>\n<ul>\n<li><strong><span style=\"color: #000080;\">EDA<\/span><\/strong><br \/>\n<strong><span style=\"color: #ff6600;\">Ana Carolina Maron Ayres (RJ)<\/span><\/strong><\/li>\n<li><strong><span style=\"color: #000080;\">Colonoscopia<\/span><\/strong><br \/>\n<span style=\"color: #ff6600;\"><strong>Alexandre Saraiva Iachan (RJ)<\/strong><\/span><\/li>\n<li><strong><span style=\"color: #000080;\">CPRE<\/span><\/strong><br \/>\n<strong><span style=\"color: #ff6600;\">Miguel Koury Filho (Petr\u00f3polis, RJ)<\/span><\/strong><\/li>\n<li><strong><span style=\"color: #000080;\">Terceiro espa\u00e7o<\/span><\/strong><br \/>\n<strong><span style=\"color: #ff6600;\">Eduardo Madeira (RJ)<\/span><\/strong><\/li>\n<\/ul>\n<p><strong>14h40<\/strong> Mesa-redonda: <span style=\"color: #000080;\"><strong>Est\u00f4mago e Barrett<\/strong><\/span><br \/>\nModerador:<strong><span style=\"color: #ff6600;\"> Renata Fernandes de Amorim (RJ)<\/span><\/strong><br \/>\nDebatedor: <span style=\"color: #ff6600;\"><strong>Lix Alfredo Reis de Oliveira<\/strong> <strong>(SP)<\/strong><\/span><\/p>\n<ul>\n<li><span style=\"color: #000080;\"><strong>C\u00e2ncer g\u00e1strico precoce: diagn\u00f3stico e tratamento endosc\u00f3pico<\/strong><\/span><br \/>\n<strong><span style=\"color: #ff6600;\">Viviane Fittipaldi (RJ)<\/span><\/strong><\/li>\n<li><strong><span style=\"color: #000080;\">Vigil\u00e2ncia no es\u00f4fago de Barrett<\/span><\/strong><br \/>\n<span style=\"color: #ff6600;\"><strong>Lilian Machado (RJ)<\/strong><\/span><\/li>\n<li>Debate<\/li>\n<\/ul>\n<p><span style=\"color: #008000;\"><strong>15h25<\/strong> Intervalo<\/span><\/p>\n<p><strong>15h50<\/strong> Mesa-redonda: <span style=\"color: #000080;\"><strong>CPRE e vias biliares: enfoque pr\u00e1tico<\/strong><\/span><br \/>\nModerador: <strong><span style=\"color: #ff6600;\">Miguel Koury Filho (RJ)<\/span><\/strong><br \/>\nDebatedor: <strong><span style=\"color: #ff6600;\">Evandro de Oliveira S\u00e1 (RJ)<\/span><\/strong> e <span style=\"color: #ff6600;\"><strong>Alexandre Dias Pelosi (RJ)<\/strong><\/span><\/p>\n<ul>\n<li><span style=\"color: #000080;\"><strong>Cateterismo dif\u00edcil<\/strong><\/span><br \/>\n<strong><span style=\"color: #ff6600;\">Guilherme Falc\u00e3o Ribeiro Ferreira (Campos, RJ)<\/span><\/strong><\/li>\n<li><strong><span style=\"color: #000080;\">Situa\u00e7\u00f5es pr\u00e1ticas em via biliar<\/span><\/strong>\n<ul>\n<li><strong><span style=\"color: #ff6600;\">Huang Ling Fang (RJ)<\/span><\/strong><\/li>\n<li><strong><span style=\"color: #ff6600;\">Fernanda Cravo Barroso (RJ)<\/span><\/strong><\/li>\n<li><strong><span style=\"color: #ff6600;\">Jos\u00e9 Ant\u00f4nio Nogueira Barroso Jr. (Campos, RJ)<\/span><\/strong><\/li>\n<\/ul>\n<\/li>\n<\/ul>\n<p><strong>17h<\/strong>\u00a0Mesa-redonda: <span style=\"color: #000080;\"><strong>CCR precoce e LST<\/strong><\/span><br \/>\nModeradora: <strong><span style=\"color: #ff6600;\">Mariceli Costa (RJ)<\/span><\/strong><br \/>\nDebatedor: <strong><span style=\"color: #ff6600;\">Eduardo Rachman Viegas (RJ)<\/span><\/strong><\/p>\n<ul>\n<li><strong><span style=\"color: #000080;\">LST colorretal: crit\u00e9rios de escolha da t\u00e9cnica<\/span><\/strong><br \/>\n<strong><span style=\"color: #ff6600;\">Maria Aparecida Ferreira (RJ)<\/span><\/strong><\/li>\n<li><strong><span style=\"color: #000080;\">Avalia\u00e7\u00e3o histopatol\u00f3gica e impacto terap\u00eautico<\/span><\/strong><br \/>\n<strong><span style=\"color: #ff6600;\">Nicolle Cavalcante Gaglionone (RJ)<\/span><\/strong><\/li>\n<li>Debate<\/li>\n<\/ul>\n<p><strong>17h40<\/strong> Encerramento<\/p>\n","protected":false},"excerpt":{"rendered":"<p>PROGRAMA\u00c7\u00c3O 22 de maio de 2026 TERAP\u00caUTICA, DECIS\u00c3O E CONTROV\u00c9RSIA 7h30 Credenciamento 8h Abertura Oficial Mariceli Costa (RJ) presidente da SOBED-RJ 8h20 Atualiza\u00e7\u00e3o: Forma\u00e7\u00e3o do endoscopista: caminhos, t\u00edtulos e responsabilidades Moderadora: Mariceli Costa (RJ) Debatedor: Djalma Ernesto Coelho Neto (RJ) Resid\u00eancia em Endoscopia e CET SOBED Alexandre Saraiva Iachan (RJ) T\u00edtulo de especialista e titularidade [&hellip;]<\/p>\n","protected":false},"author":1,"featured_media":0,"parent":0,"menu_order":0,"comment_status":"closed","ping_status":"closed","template":"","meta":{"footnotes":""},"class_list":["post-58","page","type-page","status-publish","hentry"],"_links":{"self":[{"href":"https:\/\/sobedrj.com.br\/congresso\/wp-json\/wp\/v2\/pages\/58","targetHints":{"allow":["GET"]}}],"collection":[{"href":"https:\/\/sobedrj.com.br\/congresso\/wp-json\/wp\/v2\/pages"}],"about":[{"href":"https:\/\/sobedrj.com.br\/congresso\/wp-json\/wp\/v2\/types\/page"}],"author":[{"embeddable":true,"href":"https:\/\/sobedrj.com.br\/congresso\/wp-json\/wp\/v2\/users\/1"}],"replies":[{"embeddable":true,"href":"https:\/\/sobedrj.com.br\/congresso\/wp-json\/wp\/v2\/comments?post=58"}],"version-history":[{"count":12,"href":"https:\/\/sobedrj.com.br\/congresso\/wp-json\/wp\/v2\/pages\/58\/revisions"}],"predecessor-version":[{"id":604,"href":"https:\/\/sobedrj.com.br\/congresso\/wp-json\/wp\/v2\/pages\/58\/revisions\/604"}],"wp:attachment":[{"href":"https:\/\/sobedrj.com.br\/congresso\/wp-json\/wp\/v2\/media?parent=58"}],"curies":[{"name":"wp","href":"https:\/\/api.w.org\/{rel}","templated":true}]}}